{"id":3961,"date":"2024-08-27T16:32:20","date_gmt":"2024-08-27T20:32:20","guid":{"rendered":"https:\/\/naturegalapagos.com\/es\/tours-en-galapagos\/sierra-negra-galapagos\/"},"modified":"2025-06-06T10:47:14","modified_gmt":"2025-06-06T14:47:14","slug":"tours-en-galapagossierra-negra-galapagos","status":"publish","type":"product","link":"https:\/\/naturegalapagos.com\/es\/tours-en-galapagos\/sierra-negra-galapagos\/","title":{"rendered":"Sierra Negra Galapagos | Tour de Senderismo"},"content":{"rendered":"<div class=\"wpb-content-wrapper\"><p>[vc_row][vc_column][vc_column_text]<\/p>\n<div style=\"display: flex; justify-content: end; margin-bottom: 10px;\"><img decoding=\"async\" src=\"https:\/\/naturegalapagos.com\/es\/wp-content\/uploads\/sites\/3\/2017\/05\/reserva.gif\" alt=\"Reservar online\" width=\"400\" height=\"47\" \/><\/div>\n<h2 style=\"text-align: left;\"><span style=\"font-family: arial, helvetica, sans-serif;\"><strong>Sierra Negra\u00a0Galapagos, tour de un d\u00eda completo.<\/strong><\/span><\/h2>\n<h3><span style=\"font-family: arial, helvetica, sans-serif; font-size: 20px;\">Lo destacado:<\/span><\/h3>\n<ul>\n<li><span style=\"font-family: arial, helvetica, sans-serif;\">El volc\u00e1n Sierra Negra esta a 1124 mt. sobre el nivel del mar.<\/span><\/li>\n<li><span style=\"font-family: arial, helvetica, sans-serif;\">6-millas de di\u00e1metro que lo convierte en el segundo cr\u00e1ter m\u00e1s grande del planeta.<\/span><\/li>\n<li><span style=\"font-family: arial, helvetica, sans-serif;\">El cr\u00e1ter del volc\u00e1n Sierra Negra es de 300 pies de profundidad.<\/span><\/li>\n<li><span style=\"font-family: arial, helvetica, sans-serif;\">Una de las mejores rutas de senderismo en Gal\u00e1pagos.<\/span><\/li>\n<\/ul>\n<p><span style=\"font-family: arial, helvetica, sans-serif;\"><!--more--><\/span><\/p>\n<table class=\"table table-bordered tours-tabs__table\" style=\"height: 233px; width: 854px;\">\n<tbody>\n<tr style=\"height: 24px;\">\n<td style=\"height: 24px; width: 234.28125px;\"><span style=\"font-family: arial, helvetica, sans-serif;\"><strong>SALIDAS COMPARTIDAS<\/strong><\/span><\/td>\n<td style=\"height: 24px; width: 610.71875px;\"><span style=\"font-family: arial, helvetica, sans-serif;\">Todos los d\u00edas.<\/span><\/td>\n<\/tr>\n<tr style=\"height: 24.875px;\">\n<td style=\"height: 24.875px; width: 234.28125px;\"><span style=\"font-family: arial, helvetica, sans-serif;\"><strong>PUNTO DE PARTIDA<\/strong><\/span><\/td>\n<td style=\"height: 24.875px; width: 610.71875px;\"><span style=\"font-family: arial, helvetica, sans-serif;\">Punto de Encuentro<\/span><\/td>\n<\/tr>\n<tr style=\"height: 24px;\">\n<td style=\"height: 24px; width: 234.28125px;\"><span style=\"font-family: arial, helvetica, sans-serif;\"><strong>PUNTO DE REGRESO<\/strong><\/span><\/td>\n<td style=\"height: 24px; width: 610.71875px;\"><span style=\"font-family: arial, helvetica, sans-serif;\">Punto de Encuentro<\/span><\/td>\n<\/tr>\n<tr style=\"height: 24px;\">\n<td style=\"height: 24px; width: 234.28125px;\"><span style=\"font-family: arial, helvetica, sans-serif;\"><strong>HORA DE SALIDA<\/strong><\/span><\/td>\n<td style=\"height: 24px; width: 610.71875px;\"><span style=\"font-family: arial, helvetica, sans-serif;\">7:30 AM<\/span><\/td>\n<\/tr>\n<tr style=\"height: 24px;\">\n<td style=\"height: 24px; width: 234.28125px;\"><span style=\"font-family: arial, helvetica, sans-serif;\"><strong>DURACI\u00d3N<\/strong><\/span><\/td>\n<td style=\"height: 24px; width: 610.71875px;\"><span style=\"font-family: arial, helvetica, sans-serif;\">7 &#8211; 8 \u00a0horas aproximadamente.<\/span><\/td>\n<\/tr>\n<tr style=\"height: 24px;\">\n<td style=\"height: 24px; width: 234.28125px;\"><span style=\"font-family: arial, helvetica, sans-serif;\"><strong>QUE USAR<\/strong><\/span><\/td>\n<td style=\"height: 24px; width: 610.71875px;\"><span style=\"font-family: arial, helvetica, sans-serif;\">Agua, ropa ligera, chaquetas impermeables, sombrero, protector solar, zapatos para caminar, zapatos de agua, protector solar, repelente de mosquitos.<\/span><\/td>\n<\/tr>\n<tr style=\"height: 23px;\">\n<td style=\"height: 23px; width: 234.28125px;\"><span style=\"font-family: arial, helvetica, sans-serif;\"><strong>INCLUYE<\/strong><\/span><\/td>\n<td style=\"height: 23px; width: 610.71875px;\"><span style=\"font-family: arial, helvetica, sans-serif;\"><i class=\"fa fa-check icon-tick icon-tick--on\"><\/i> Gu\u00eda profesional biling\u00fce.<\/span>\n<p><span style=\"font-family: arial, helvetica, sans-serif;\"><i class=\"fa fa-check icon-tick icon-tick--on\"><\/i> Transporte desde\/hacia Hotel San Vicente &#8211; Sierra Negra.<br \/>\n<\/span><\/p><\/td>\n<\/tr>\n<tr style=\"height: 38px;\">\n<td style=\"height: 38px; width: 234.28125px;\"><span style=\"font-family: arial, helvetica, sans-serif;\"><strong>NO INCLUYE<\/strong><\/span><\/td>\n<td style=\"height: 38px; width: 610.71875px;\"><span style=\"font-family: arial, helvetica, sans-serif;\"><i class=\"fa fa-times icon-tick icon-tick--off\"><\/i> Propinas (opcional)<\/span>\n<p><i class=\"fa fa-times icon-tick icon-tick--off\"><\/i> Entrada al Parque Nacional Galapagos USD <strong>200,00 por persona<\/strong><\/p><\/td>\n<\/tr>\n<\/tbody>\n<\/table>\n<p>&nbsp;<\/p>\n<h3><span style=\"font-family: arial, helvetica, sans-serif; font-size: 20px;\"><span style=\"color: #000000;\"><b>Descripci\u00f3n<\/b><\/span><strong><span style=\"color: #000000;\">\u00a0del Tour: Sierra Negra Gal\u00e1pagos<\/span><\/strong><\/span><\/h3>\n<p><span style=\"font-family: arial, helvetica, sans-serif;\">Recomendamos llevar zapatos c\u00f3modos para caminata, poncho impermeable, una chaqueta, protecci\u00f3n solar, botella agua, sombreros para sol y guardar cualquier electr\u00f3nico en fundas en caso de lluvia.<\/span><\/p>\n<p><span style=\"font-family: arial, helvetica, sans-serif;\"><strong>La caminata de 16 km dura alrededor de 3 horas<\/strong>. La caminata se la realiza por un sendero de mediana dificultad con una pendiente poco pronunciada. El Volc\u00e1n Sierra Negra tiene el segundo cr\u00e1ter m\u00e1s largo del mundo, con aproximadamente 6 millas de di\u00e1metro y 300 pies de profundidad y constituye una de las vistas m\u00e1s espectaculares en Gal\u00e1pagos.<\/span><\/p>\n<p><span style=\"font-family: arial, helvetica, sans-serif;\">La caminata contin\u00faa hasta\u00a0<strong>Volc\u00e1n Chico<\/strong>. Se puede sentir la tierra caliente a medida que nos acercamos, dado que este es un volc\u00e1n est\u00e1 activo. La vista panor\u00e1mica desde este lugar es maravillosa. En la tarde retornamos al hotel.<\/span><\/p>\n<p><span style=\"font-family: arial, helvetica, sans-serif;\"><strong>** NOTA IMPORTANTE:<\/strong> Para realizar con este tour, <strong>debe estar en la Isla Isabela (Puerto Villamil) un d\u00eda antes de la salida.<\/strong><\/span><\/p>\n<p><span style=\"font-family: arial, helvetica, sans-serif;\"><strong>** NOTA IMPORTANTE<\/strong>: debido al reciente aumento de la actividad volc\u00e1nica del volc\u00e1n Sierra Negra en la isla Isabela, ciertas \u00e1reas del Volc\u00e1n Sierra Negra han sido cerradas para visitas tur\u00edsticas. A partir del 17 de enero de 2018, la zona de senderismo conocida como Volc\u00e1n Chico, se ha cerrado para hacer senderismo. Por ahora, nuestra excursi\u00f3n llegar\u00e1 hasta el mirador de Elizabeth Bay, pero se omitir\u00e1 la caminata regular en Volc\u00e1n Chico.<\/span><\/p>\n<p><span style=\"font-family: arial, helvetica, sans-serif;\">.** <strong>NOTA:<\/strong> Consultar por las tarifas con alimentaci\u00f3n completa o solo desayunos.<\/span>[\/vc_column_text][\/vc_column][\/vc_row][vc_row][vc_column el_class=&#8221;accocruise&#8221;][vc_column_text]\n<div class=\"panel panel-default accordion__item\">\n\t<div class=\"panel-heading accordion__item__title-wrap\">\n\t\t<h4 class=\"panel-title\">\n\t\t\t<a data-toggle=\"collapse\" data-parent=\"#ataccordion0\" href=\"#ataccordion0_1\" class=\"accordion__item__link collapsed\">Solicite m\u00e1s informaci\u00f3n<\/a>\n\t\t<\/h4>\n\t<\/div>\n\t<div id=\"ataccordion0_1\" class=\"panel-collapse collapse\">\n\t\t<div class=\"panel-body accordion__item__content\">\n                <div class=\"ml-embedded\" data-form=\"WOjoXM\"><\/div>\n            \n<\/div>\n\t<\/div>\n<\/div>[\/vc_column_text][\/vc_column][\/vc_row]<\/p>\n<div id=\"footable_parent_7479\"\n         class=\" footable_parent ninja_table_wrapper loading_ninja_table wp_table_data_press_parent semantic_ui \">\n                    <h3 class=\"table_title footable_title\">Tarifas de entrada al Parque Nacional Gal\u00e1pagos<\/h3>\n                                <div\n                class=\"table_description footable_description\">Vigentes desde Agosto de 2024<\/div>\n                    <table data-ninja_table_instance=\"ninja_table_instance_0\" data-footable_id=\"7479\" data-filter-delay=\"1000\" aria-label=\"Tarifas de entrada al Parque Nacional Gal\u00e1pagos\"            id=\"footable_7479\"\n           data-unique_identifier=\"ninja_table_unique_id_1073415600_7479\"\n           class=\" foo-table ninja_footable foo_table_7479 ninja_table_unique_id_1073415600_7479 ui table  nt_type_legacy_table vertical_centered  footable-paging-right ninja_table_search_disabled ninja_table_pro\">\n                <colgroup>\n                            <col class=\"ninja_column_0 \"\/>\n                            <col class=\"ninja_column_1 \"\/>\n                    <\/colgroup>\n        <thead>\n<tr class=\"footable-header\">\n                                        <th scope=\"col\"  class=\"ninja_column_0 ninja_clmn_nm_categoria \">Categor\u00eda<\/th><th scope=\"col\"  class=\"ninja_column_1 ninja_clmn_nm_tarifa_usd \">Tarifa (USD)<\/th><\/tr>\n<\/thead>\n<tbody>\n\n        <tr data-row_id=\"2514\" class=\"ninja_table_row_0 nt_row_id_2514\">\n            <td>Turistas extranjeros (mayores de 12 a\u00f1os)<\/td><td>$200<\/td>        <\/tr>\n            <tr data-row_id=\"2515\" class=\"ninja_table_row_1 nt_row_id_2515\">\n            <td>Ni\u00f1os extranjeros (menores de 12 a\u00f1os)<\/td><td>$100<\/td>        <\/tr>\n            <tr data-row_id=\"2516\" class=\"ninja_table_row_2 nt_row_id_2516\">\n            <td>Turistas de pa\u00edses de la Comunidad Andina y MERCOSUR (mayores de 12 a\u00f1os)<\/td><td>$100<\/td>        <\/tr>\n            <tr data-row_id=\"2517\" class=\"ninja_table_row_3 nt_row_id_2517\">\n            <td>Ni\u00f1os de pa\u00edses de la Comunidad Andina y MERCOSUR (menores de 12 a\u00f1os)<\/td><td>$50<\/td>        <\/tr>\n            <tr data-row_id=\"2518\" class=\"ninja_table_row_4 nt_row_id_2518\">\n            <td>Ecuatorianos y residentes en Ecuador (mayores de 12 a\u00f1os)<\/td><td>$30<\/td>        <\/tr>\n            <tr data-row_id=\"2519\" class=\"ninja_table_row_5 nt_row_id_2519\">\n            <td>Ni\u00f1os ecuatorianos y residentes en Ecuador (menores de 12 a\u00f1os)<\/td><td>$15<\/td>        <\/tr>\n            <tr data-row_id=\"2520\" class=\"ninja_table_row_6 nt_row_id_2520\">\n            <td>Adultos mayores (65 a\u00f1os o m\u00e1s, nacionales o residentes)<\/td><td>$15<\/td>        <\/tr>\n            <tr data-row_id=\"2521\" class=\"ninja_table_row_7 nt_row_id_2521\">\n            <td>Personas con discapacidad (certificadas por CONADIS)<\/td><td>$15<\/td>        <\/tr>\n            <tr data-row_id=\"2522\" class=\"ninja_table_row_8 nt_row_id_2522\">\n            <td>Estudiantes extranjeros matriculados en instituciones ecuatorianas<\/td><td>$50<\/td>        <\/tr>\n            <tr data-row_id=\"2523\" class=\"ninja_table_row_9 nt_row_id_2523\">\n            <td>Ni\u00f1os menores de 2 a\u00f1os (nacionales o extranjeros)<\/td><td>Exentos<\/td>        <\/tr>\n    <\/tbody><!--ninja_tobody_rendering_done-->\n    <\/table>\n    \n    \n    \n<\/div>\n\n<p>&nbsp;<\/p>\n<div id=\"footable_parent_7481\"\n         class=\" footable_parent ninja_table_wrapper loading_ninja_table wp_table_data_press_parent semantic_ui \">\n                    <h3 class=\"table_title footable_title\">Informaci\u00f3n Adicional<\/h3>\n                        <table data-ninja_table_instance=\"ninja_table_instance_1\" data-footable_id=\"7481\" data-filter-delay=\"1000\" aria-label=\"Informaci\u00f3n Adicional\"            id=\"footable_7481\"\n           data-unique_identifier=\"ninja_table_unique_id_1482371368_7481\"\n           class=\" foo-table ninja_footable foo_table_7481 ninja_table_unique_id_1482371368_7481 ui table  nt_type_legacy_table vertical_centered  footable-paging-right ninjatable_hide_header_row ninja_table_search_disabled ninja_table_pro\">\n                <colgroup>\n                            <col class=\"ninja_column_0 \"\/>\n                            <col class=\"ninja_column_1 \"\/>\n                    <\/colgroup>\n        <thead>\n<tr class=\"footable-header\">\n                                        <th scope=\"col\"  class=\"ninja_column_0 ninja_clmn_nm_forma_de_pago \">Columna 1<\/th><th scope=\"col\"  class=\"ninja_column_1 ninja_clmn_nm_tarjeta_de_conrtol_de_transito \">Columna 2<\/th><\/tr>\n<\/thead>\n<tbody>\n\n        <tr data-row_id=\"2524\" class=\"ninja_table_row_0 nt_row_id_2524\">\n            <td>Forma de pago:<\/td><td>La tarifa se abona en efectivo (USD) al llegar a los aeropuertos de Baltra o San Crist\u00f3bal.<\/td>        <\/tr>\n            <tr data-row_id=\"2525\" class=\"ninja_table_row_1 nt_row_id_2525\">\n            <td>Tarjeta de Control de Tr\u00e1nsito (TCT):<\/td><td>Adem\u00e1s, es obligatorio adquirir esta tarjeta por un valor de $20, la cual se obtiene en los aeropuertos de Quito o Guayaquil antes de abordar el vuelo hacia Gal\u00e1pagos.<\/td>        <\/tr>\n            <tr data-row_id=\"2526\" class=\"ninja_table_row_2 nt_row_id_2526\">\n            <td>Documentaci\u00f3n necesaria:<\/td><td>Pasaporte o c\u00e9dula de identidad vigente, y en el caso de estudiantes extranjeros, presentar el comprobante de matr\u00edcula en una instituci\u00f3n educativa ecuatoriana.<\/td>        <\/tr>\n    <\/tbody><!--ninja_tobody_rendering_done-->\n    <\/table>\n    \n    \n    \n<\/div>\n\n<\/div>","protected":false},"excerpt":{"rendered":"<p>Sierra Negra Gal\u00e1pagos es un tour de senderismo de un d\u00eda completo! Donde podr\u00e1 admirar la belleza del segundo crater m\u00e1s grande del mundo<\/p>\n","protected":false},"featured_media":3968,"comment_status":"open","ping_status":"closed","template":"","meta":{"_joinchat":[]},"product_brand":[],"product_cat":[3599],"product_tag":[],"class_list":{"0":"post-3961","1":"product","2":"type-product","3":"status-publish","4":"has-post-thumbnail","6":"product_cat-sin-categoria","7":"tour_category-ofertas-de-viajes","8":"tour_category-tours-en-galapagos","10":"first","11":"instock","12":"taxable","13":"shipping-taxable","14":"purchasable","15":"product-type-tour"},"yoast_head":"<!-- This site is optimized with the Yoast SEO Premium plugin v25.6 (Yoast SEO v26.1.1) - https:\/\/yoast.com\/wordpress\/plugins\/seo\/ -->\n<title>Sierra Negra Galapagos | Tour de Senderismo<\/title>\n<meta name=\"description\" content=\"Sierra Negra Gal\u00e1pagos es un tour de senderismo de un d\u00eda completo! Donde podr\u00e1 admirar la belleza del segundo crater m\u00e1s grande del mundo\" \/>\n<meta name=\"robots\" content=\"index, follow, max-snippet:-1, max-image-preview:large, max-video-preview:-1\" \/>\n<link rel=\"canonical\" href=\"https:\/\/naturegalapagos.com\/es\/tours-en-galapagos\/sierra-negra-galapagos\/\" \/>\n<meta property=\"og:locale\" content=\"es_ES\" \/>\n<meta property=\"og:type\" content=\"article\" \/>\n<meta property=\"og:title\" content=\"Sierra Negra Galapagos | Tour de Senderismo\" \/>\n<meta property=\"og:description\" content=\"Sierra Negra Gal\u00e1pagos es un tour de senderismo de un d\u00eda completo! Donde podr\u00e1 admirar la belleza del segundo crater m\u00e1s grande del mundo\" \/>\n<meta property=\"og:url\" content=\"https:\/\/naturegalapagos.com\/es\/tours-en-galapagos\/sierra-negra-galapagos\/\" \/>\n<meta property=\"og:site_name\" content=\"Espa\u00f1ol - Nature Galapagos &amp; Ecuador\" \/>\n<meta property=\"article:publisher\" content=\"https:\/\/www.facebook.com\/naturegalapagosecuador\/\" \/>\n<meta property=\"article:modified_time\" content=\"2025-06-06T14:47:14+00:00\" \/>\n<meta property=\"og:image\" content=\"https:\/\/naturegalapagos.com\/es\/wp-content\/uploads\/sites\/3\/2017\/03\/Sierra-Negra-Galapagos.jpg\" \/>\n\t<meta property=\"og:image:width\" content=\"1024\" \/>\n\t<meta property=\"og:image:height\" content=\"512\" \/>\n\t<meta property=\"og:image:type\" content=\"image\/jpeg\" \/>\n<meta name=\"twitter:card\" content=\"summary_large_image\" \/>\n<meta name=\"twitter:title\" content=\"Sierra Negra Galapagos | Tour de Senderismo\" \/>\n<meta name=\"twitter:description\" content=\"Sierra Negra Gal\u00e1pagos es un tour de senderismo de un d\u00eda completo! Donde podr\u00e1 admirar la belleza del segundo crater m\u00e1s grande del mundo\" \/>\n<meta name=\"twitter:site\" content=\"@naturegalapagos\" \/>\n<meta name=\"twitter:label1\" content=\"Tiempo de lectura\" \/>\n\t<meta name=\"twitter:data1\" content=\"3 minutos\" \/>\n<!-- \/ Yoast SEO Premium plugin. -->","yoast_head_json":{"title":"Sierra Negra Galapagos | Tour de Senderismo","description":"Sierra Negra Gal\u00e1pagos es un tour de senderismo de un d\u00eda completo! Donde podr\u00e1 admirar la belleza del segundo crater m\u00e1s grande del mundo","robots":{"index":"index","follow":"follow","max-snippet":"max-snippet:-1","max-image-preview":"max-image-preview:large","max-video-preview":"max-video-preview:-1"},"canonical":"https:\/\/naturegalapagos.com\/es\/tours-en-galapagos\/sierra-negra-galapagos\/","og_locale":"es_ES","og_type":"article","og_title":"Sierra Negra Galapagos | Tour de Senderismo","og_description":"Sierra Negra Gal\u00e1pagos es un tour de senderismo de un d\u00eda completo! Donde podr\u00e1 admirar la belleza del segundo crater m\u00e1s grande del mundo","og_url":"https:\/\/naturegalapagos.com\/es\/tours-en-galapagos\/sierra-negra-galapagos\/","og_site_name":"Espa\u00f1ol - Nature Galapagos &amp; Ecuador","article_publisher":"https:\/\/www.facebook.com\/naturegalapagosecuador\/","article_modified_time":"2025-06-06T14:47:14+00:00","og_image":[{"width":1024,"height":512,"url":"https:\/\/naturegalapagos.com\/es\/wp-content\/uploads\/sites\/3\/2017\/03\/Sierra-Negra-Galapagos.jpg","type":"image\/jpeg"}],"twitter_card":"summary_large_image","twitter_title":"Sierra Negra Galapagos | Tour de Senderismo","twitter_description":"Sierra Negra Gal\u00e1pagos es un tour de senderismo de un d\u00eda completo! Donde podr\u00e1 admirar la belleza del segundo crater m\u00e1s grande del mundo","twitter_site":"@naturegalapagos","twitter_misc":{"Tiempo de lectura":"3 minutos"},"schema":{"@context":"https:\/\/schema.org","@graph":[{"@type":"WebPage","@id":"https:\/\/naturegalapagos.com\/es\/tours-en-galapagos\/sierra-negra-galapagos\/","url":"https:\/\/naturegalapagos.com\/es\/tours-en-galapagos\/sierra-negra-galapagos\/","name":"Sierra Negra Galapagos | Tour de Senderismo","isPartOf":{"@id":"https:\/\/naturegalapagos.com\/es\/#website"},"primaryImageOfPage":{"@id":"https:\/\/naturegalapagos.com\/es\/tours-en-galapagos\/sierra-negra-galapagos\/#primaryimage"},"image":{"@id":"https:\/\/naturegalapagos.com\/es\/tours-en-galapagos\/sierra-negra-galapagos\/#primaryimage"},"thumbnailUrl":"https:\/\/naturegalapagos.com\/es\/wp-content\/uploads\/sites\/3\/2017\/03\/Sierra-Negra-Galapagos.jpg","datePublished":"2024-08-27T20:32:20+00:00","dateModified":"2025-06-06T14:47:14+00:00","description":"Sierra Negra Gal\u00e1pagos es un tour de senderismo de un d\u00eda completo! Donde podr\u00e1 admirar la belleza del segundo crater m\u00e1s grande del mundo","breadcrumb":{"@id":"https:\/\/naturegalapagos.com\/es\/tours-en-galapagos\/sierra-negra-galapagos\/#breadcrumb"},"inLanguage":"es","potentialAction":[{"@type":"ReadAction","target":["https:\/\/naturegalapagos.com\/es\/tours-en-galapagos\/sierra-negra-galapagos\/"]}]},{"@type":"ImageObject","inLanguage":"es","@id":"https:\/\/naturegalapagos.com\/es\/tours-en-galapagos\/sierra-negra-galapagos\/#primaryimage","url":"https:\/\/naturegalapagos.com\/es\/wp-content\/uploads\/sites\/3\/2017\/03\/Sierra-Negra-Galapagos.jpg","contentUrl":"https:\/\/naturegalapagos.com\/es\/wp-content\/uploads\/sites\/3\/2017\/03\/Sierra-Negra-Galapagos.jpg","width":1024,"height":512,"caption":"Sierra Negra Galapagos"},{"@type":"BreadcrumbList","@id":"https:\/\/naturegalapagos.com\/es\/tours-en-galapagos\/sierra-negra-galapagos\/#breadcrumb","itemListElement":[{"@type":"ListItem","position":1,"name":"Home","item":"https:\/\/naturegalapagos.com\/es\/"},{"@type":"ListItem","position":2,"name":"Tienda","item":"https:\/\/naturegalapagos.com\/es\/tienda\/"},{"@type":"ListItem","position":3,"name":"Sierra Negra Galapagos | Tour de Senderismo"}]},{"@type":"WebSite","@id":"https:\/\/naturegalapagos.com\/es\/#website","url":"https:\/\/naturegalapagos.com\/es\/","name":"Espa\u00f1ol - Nature Galapagos & Ecuador","description":"","publisher":{"@id":"https:\/\/naturegalapagos.com\/es\/#organization"},"potentialAction":[{"@type":"SearchAction","target":{"@type":"EntryPoint","urlTemplate":"https:\/\/naturegalapagos.com\/es\/?s={search_term_string}"},"query-input":{"@type":"PropertyValueSpecification","valueRequired":true,"valueName":"search_term_string"}}],"inLanguage":"es"},{"@type":"Organization","@id":"https:\/\/naturegalapagos.com\/es\/#organization","name":"Espa\u00f1ol - Nature Galapagos & Ecuador","url":"https:\/\/naturegalapagos.com\/es\/","logo":{"@type":"ImageObject","inLanguage":"es","@id":"https:\/\/naturegalapagos.com\/es\/#\/schema\/logo\/image\/","url":"https:\/\/naturegalapagos.com\/es\/wp-content\/uploads\/sites\/3\/2016\/10\/Nature-Galapagos-Logo-COM-300x300.jpg","contentUrl":"https:\/\/naturegalapagos.com\/es\/wp-content\/uploads\/sites\/3\/2016\/10\/Nature-Galapagos-Logo-COM-300x300.jpg","width":300,"height":300,"caption":"Espa\u00f1ol - Nature Galapagos & Ecuador"},"image":{"@id":"https:\/\/naturegalapagos.com\/es\/#\/schema\/logo\/image\/"},"sameAs":["https:\/\/www.facebook.com\/naturegalapagosecuador\/","https:\/\/x.com\/naturegalapagos","https:\/\/www.instagram.com\/naturegalapagos\/","https:\/\/www.pinterest.com\/Naturegalapagos\/","https:\/\/www.youtube.com\/user\/NatureGalapagosTours"]}]}},"_links":{"self":[{"href":"https:\/\/naturegalapagos.com\/es\/wp-json\/wp\/v2\/product\/3961","targetHints":{"allow":["GET"]}}],"collection":[{"href":"https:\/\/naturegalapagos.com\/es\/wp-json\/wp\/v2\/product"}],"about":[{"href":"https:\/\/naturegalapagos.com\/es\/wp-json\/wp\/v2\/types\/product"}],"replies":[{"embeddable":true,"href":"https:\/\/naturegalapagos.com\/es\/wp-json\/wp\/v2\/comments?post=3961"}],"wp:featuredmedia":[{"embeddable":true,"href":"https:\/\/naturegalapagos.com\/es\/wp-json\/wp\/v2\/media\/3968"}],"wp:attachment":[{"href":"https:\/\/naturegalapagos.com\/es\/wp-json\/wp\/v2\/media?parent=3961"}],"wp:term":[{"taxonomy":"product_brand","embeddable":true,"href":"https:\/\/naturegalapagos.com\/es\/wp-json\/wp\/v2\/product_brand?post=3961"},{"taxonomy":"product_cat","embeddable":true,"href":"https:\/\/naturegalapagos.com\/es\/wp-json\/wp\/v2\/product_cat?post=3961"},{"taxonomy":"product_tag","embeddable":true,"href":"https:\/\/naturegalapagos.com\/es\/wp-json\/wp\/v2\/product_tag?post=3961"}],"curies":[{"name":"wp","href":"https:\/\/api.w.org\/{rel}","templated":true}]}}